{"id":124,"date":"2014-07-08T14:15:28","date_gmt":"2014-07-08T14:15:28","guid":{"rendered":"http:\/\/jpbuse.be\/?page_id=124"},"modified":"2024-06-24T14:24:59","modified_gmt":"2024-06-24T14:24:59","slug":"fete-de-la-jeunesse","status":"publish","type":"page","link":"https:\/\/www.jeunesseabruxelles.be\/site\/evenements-jabr\/fete-de-la-jeunesse\/","title":{"rendered":"F\u00eate de la jeunesse"},"content":{"rendered":"<p><strong>Historique<\/strong><\/p>\n<p>L\u2019origine de la f\u00eate de la jeunesse remonte au <strong>07 juillet 1935<\/strong>. Cette premi\u00e8re \u00e9dition na\u00eet dans le contexte de l\u2019exposition universelle de Bruxelles. L\u2019apr\u00e8s-midi festif, organis\u00e9 alors par l\u2019instruction publique, s\u2019intitule \u00ab\u00a0f\u00eate de la gymnastique\u00a0\u00bb ou \u00ab\u00a0Grande f\u00eate scolaire d\u2019\u00e9ducation physique des \u00e9coles de la Ville de Bruxelles\u00a0\u00bb (ce n\u2019est qu\u2019\u00e0 partir de 1948 que le titre de \u00ab\u00a0F\u00eate de la jeunesse\u00a0\u00bb appara\u00eet).<\/p>\n<p><strong>De 1935-1965<\/strong>, nous retrouvons dans les archives de la Ville de Bruxelles<a href=\"#_ftn1\" name=\"_ftnref1\">[1]<\/a> (coupures de presse, \u00a0photos, carnet d\u2019invitation,\u2026.), la mention de l\u2019organisation d\u2019 une f\u00eate de la jeunesse, sur le plateau du Heysel ou au palais des Beaux-arts, mais pass\u00e9 cette date, nous ne savons pas si la f\u00eate a continu\u00e9 d\u2019exister ou si elle n\u2019est plus mentionn\u00e9e dans les rapports.<\/p>\n<p><strong>A partir de 2010<\/strong>, la f\u00eate de la Jeunesse est relanc\u00e9e. Coordonn\u00e9e par Jeunesse \u00e0 Bruxelles asbl en partenariat avec le Service Jeunesse de la Ville de Bruxelles et Bravvo asbl, la f\u00eate est gratuite et se d\u00e9roule dans le courant du mois de septembre-octobre de chaque ann\u00e9e. La journ\u00e9e se d\u00e9roule sous une forme diff\u00e9rente des \u00e9ditions du d\u00e9but du XX\u00e8me si\u00e8cle. En effet, si auparavant l\u2019objectif de la f\u00eate \u00e9tait de mettre en valeur les comp\u00e9tences \u00e9ducatives du sport dans les programmes scolaires par une repr\u00e9sentation-spectacle,\u00a0; \u00e0 partir de 2010, l\u2019 objectif est de proposer un \u00e9v\u00e9nement c\u00e9l\u00e9brant la jeunesse bruxelloise en valorisant les comp\u00e9tences et la dynamique des animateurs du Service Jeunesse de la Ville de Bruxelles (Maison des Enfants et Centre de Jeunes de Bravvo asbl), par l\u2019animation de divers ateliers.<\/p>\n<p><a href=\"#_ftnref1\" name=\"_ftn1\">[1]<\/a> <a href=\"http:\/\/www.pallas.be\/pls\/opac\/plsp.getplsdoc?lan=F&amp;htdoc=general\/opac_avb_f.htm\"><em>http:\/\/www.pallas.be\/pls\/opac\/plsp.getplsdoc?lan=F&amp;htdoc=general\/opac_avb_f.htm<\/em><\/a><\/p>\n<p><u>Les f\u00eates de la Jeunesse<\/u><\/p>\n<p><u>1935-1947<\/u><\/p>\n<p>La premi\u00e8re f\u00eate rassemble des enfants et adolescents de plusieurs \u00e9coles de Bruxelles. Sous la forme d\u2019une repr\u00e9sentation orchestr\u00e9e minutieusement pr\u00e9sentant des salutations au drapeau, chor\u00e9graphies, des chants, des d\u00e9fil\u00e9s et des exercices de gymnastique, cette f\u00eate fait l\u2019apologie de l\u2019exercice physique dans les programmes scolaires.<\/p>\n<p>De 1935 \u00e0 1948, \u00ab\u00a0la f\u00eate de la gymnastique\u00a0\u00bb prend possession chaque ann\u00e9e (mars-avril ou mai), lors d\u2019une apr\u00e8s-midi, du stade du centenaire et suit plus ou moins le m\u00eame canevas que la premi\u00e8re \u00e9dition. Lors de certaines \u00e9ditions, des danses folkloriques, des exercices de callisth\u00e9nie<a href=\"#_ftn1\" name=\"_ftnref1\">[1]<\/a> et interm\u00e8des musicaux pouvaient ponctuer la pr\u00e9sentation d\u2019exercices\/jeux plus physiques. De grande ampleur, ces f\u00eates rassemblaient, \u00e0 leurs d\u00e9buts, plus de 7000 enfants et adolescents participant \u00e0 la repr\u00e9sentation et quelques 30.000 spectateurs<\/p>\n<p><a href=\"#_ftnref1\" name=\"_ftn1\">[1]<\/a> Exercices de gymnastique ou de sport visant un d\u00e9veloppement harmonieux du corps particuli\u00e8rement pour les jeunes et les jeunes filles. <em>Le dictionnaire Littr\u00e9.<\/em><\/p>\n<p><img loading=\"lazy\" decoding=\"async\" class=\"aligncenter wp-image-3062 size-medium\" src=\"https:\/\/www.jeunesseabruxelles.be\/site\/wp-content\/uploads\/2021\/02\/1948-f\u00eate-gymastique-Heysel-Jacques-Donner-300x400.jpg\" alt=\"\" width=\"300\" height=\"400\" srcset=\"https:\/\/www.jeunesseabruxelles.be\/site\/wp-content\/uploads\/2021\/02\/1948-f\u00eate-gymastique-Heysel-Jacques-Donner-300x400.jpg 300w, https:\/\/www.jeunesseabruxelles.be\/site\/wp-content\/uploads\/2021\/02\/1948-f\u00eate-gymastique-Heysel-Jacques-Donner-960x1280.jpg 960w, https:\/\/www.jeunesseabruxelles.be\/site\/wp-content\/uploads\/2021\/02\/1948-f\u00eate-gymastique-Heysel-Jacques-Donner-113x150.jpg 113w, https:\/\/www.jeunesseabruxelles.be\/site\/wp-content\/uploads\/2021\/02\/1948-f\u00eate-gymastique-Heysel-Jacques-Donner-768x1024.jpg 768w, https:\/\/www.jeunesseabruxelles.be\/site\/wp-content\/uploads\/2021\/02\/1948-f\u00eate-gymastique-Heysel-Jacques-Donner-1152x1536.jpg 1152w, https:\/\/www.jeunesseabruxelles.be\/site\/wp-content\/uploads\/2021\/02\/1948-f\u00eate-gymastique-Heysel-Jacques-Donner.jpg 1440w\" sizes=\"auto, (max-width: 300px) 100vw, 300px\" \/><\/p>\n<p>\u00ab\u00a01948-F\u00eate de la Gymnastique au Heysel-Jacques Donner\u00a0\u00bb *<\/p>\n<p><u>1948-1965<\/u><\/p>\n<p>A partir de 1948, la \u00ab\u00a0f\u00eate de la gymnastique\u00a0\u00bb prend la d\u00e9nomination de \u00ab\u00a0f\u00eate de la jeunesse\u00a0\u00bb. Suivant le m\u00eame sch\u00e9ma que les \u00e9ditions pr\u00e9c\u00e9dentes, la f\u00eate de la jeunesse se d\u00e9roule tant\u00f4t dans le stade du centenaire, tant\u00f4t au Palais des Beaux-Arts. Au fil des ans, le nombre d\u2019\u00e9coles participantes diminue et l\u2019amplitude de la f\u00eate \u00e9galement. On passe de 2 000 enfants et adolescents participant \u00e0 la repr\u00e9sentation en 1948 \u00e0 quelques centaines dans les ann\u00e9es 1960.<\/p>\n<p><strong><em>Remarque\u00a0:<\/em><\/strong> Suite \u00e0 un concours, la r\u00e9alisation de la premi\u00e8re affiche de la F\u00eate de Jeunesse (1935) a \u00e9t\u00e9 confi\u00e9e \u00e0 l\u2019artiste peintre Armand Massonet<a href=\"#_ftn1\" name=\"_ftnref1\">[1]<\/a>. Le mod\u00e8le de l\u2019affiche sera par la suite utilis\u00e9 jusqu\u2019en 1965<\/p>\n<p><a href=\"#_ftnref1\" name=\"_ftn1\">[1]<\/a> <a href=\"http:\/\/balat.kikirpa.be\/peintres\/Detail_notice.php?id=3784\">http:\/\/balat.kikirpa.be\/peintres\/Detail_notice.php?id=3784<\/a><\/p>\n<p><u>1966-2009<\/u><\/p>\n<p>A ce jour, aucune trace de la \u00ab\u00a0f\u00eate de la jeunesse\u00a0\u00bb n\u2019a \u00e9t\u00e9 retrouv\u00e9e au cours de cette p\u00e9riode dans les archives de la Ville de Bruxelles.<\/p>\n<p><u>2010- &#8230;<\/u><\/p>\n<p>Rassemblant diff\u00e9rents acteurs du Service de la Jeunesse, l\u2019organisation de la journ\u00e9e est coordonn\u00e9e par Jeunesse \u00e0 Bruxelles asbl. La F\u00eate de la jeunesse se veut avant tout un lieu participatif et r\u00e9cr\u00e9atif pour les enfants, les adolescents et les parents. Prenant possession des parcs et autres espaces publiques, la f\u00eate de la jeunesse d\u00e9cline chaque ann\u00e9e un th\u00e8me \u00e0 travers des animations, des spectacles et une multitude d\u2019autres activit\u00e9s. Au programme chaque ann\u00e9e : des ateliers cr\u00e9atifs, des activit\u00e9s sportives, une sc\u00e8ne avec des spectacles et toujours plein d\u2019autres surprises !<\/p>\n<div id='gallery-1' class='gallery galleryid-124 gallery-columns-3 gallery-size-large'><figure class='gallery-item'>\n\t\t\t<div class='gallery-icon portrait'>\n\t\t\t\t<a href='https:\/\/www.jeunesseabruxelles.be\/site\/wp-content\/uploads\/2014\/07\/Affiche-2010.jpg'><img loading=\"lazy\" decoding=\"async\" width=\"474\" height=\"613\" src=\"https:\/\/www.jeunesseabruxelles.be\/site\/wp-content\/uploads\/2014\/07\/Affiche-2010-989x1280.jpg\" class=\"attachment-large size-large\" alt=\"\" srcset=\"https:\/\/www.jeunesseabruxelles.be\/site\/wp-content\/uploads\/2014\/07\/Affiche-2010-989x1280.jpg 989w, https:\/\/www.jeunesseabruxelles.be\/site\/wp-content\/uploads\/2014\/07\/Affiche-2010-116x150.jpg 116w, https:\/\/www.jeunesseabruxelles.be\/site\/wp-content\/uploads\/2014\/07\/Affiche-2010-309x400.jpg 309w, https:\/\/www.jeunesseabruxelles.be\/site\/wp-content\/uploads\/2014\/07\/Affiche-2010-768x994.jpg 768w, https:\/\/www.jeunesseabruxelles.be\/site\/wp-content\/uploads\/2014\/07\/Affiche-2010.jpg 1275w\" sizes=\"auto, (max-width: 474px) 100vw, 474px\" \/><\/a>\n\t\t\t<\/div><\/figure><figure class='gallery-item'>\n\t\t\t<div class='gallery-icon portrait'>\n\t\t\t\t<a href='https:\/\/www.jeunesseabruxelles.be\/site\/wp-content\/uploads\/2014\/07\/Affiche-2011.jpg'><img loading=\"lazy\" decoding=\"async\" width=\"474\" height=\"613\" src=\"https:\/\/www.jeunesseabruxelles.be\/site\/wp-content\/uploads\/2014\/07\/Affiche-2011-989x1280.jpg\" class=\"attachment-large size-large\" alt=\"\" srcset=\"https:\/\/www.jeunesseabruxelles.be\/site\/wp-content\/uploads\/2014\/07\/Affiche-2011-989x1280.jpg 989w, https:\/\/www.jeunesseabruxelles.be\/site\/wp-content\/uploads\/2014\/07\/Affiche-2011-116x150.jpg 116w, https:\/\/www.jeunesseabruxelles.be\/site\/wp-content\/uploads\/2014\/07\/Affiche-2011-309x400.jpg 309w, https:\/\/www.jeunesseabruxelles.be\/site\/wp-content\/uploads\/2014\/07\/Affiche-2011-768x994.jpg 768w, https:\/\/www.jeunesseabruxelles.be\/site\/wp-content\/uploads\/2014\/07\/Affiche-2011.jpg 1275w\" sizes=\"auto, (max-width: 474px) 100vw, 474px\" \/><\/a>\n\t\t\t<\/div><\/figure><figure class='gallery-item'>\n\t\t\t<div class='gallery-icon portrait'>\n\t\t\t\t<a href='https:\/\/www.jeunesseabruxelles.be\/site\/wp-content\/uploads\/2014\/07\/Affiche-2012.jpg'><img loading=\"lazy\" decoding=\"async\" width=\"474\" height=\"670\" src=\"https:\/\/www.jeunesseabruxelles.be\/site\/wp-content\/uploads\/2014\/07\/Affiche-2012-905x1280.jpg\" class=\"attachment-large size-large\" alt=\"\" srcset=\"https:\/\/www.jeunesseabruxelles.be\/site\/wp-content\/uploads\/2014\/07\/Affiche-2012-905x1280.jpg 905w, https:\/\/www.jeunesseabruxelles.be\/site\/wp-content\/uploads\/2014\/07\/Affiche-2012-106x150.jpg 106w, https:\/\/www.jeunesseabruxelles.be\/site\/wp-content\/uploads\/2014\/07\/Affiche-2012-283x400.jpg 283w, https:\/\/www.jeunesseabruxelles.be\/site\/wp-content\/uploads\/2014\/07\/Affiche-2012-768x1086.jpg 768w\" sizes=\"auto, (max-width: 474px) 100vw, 474px\" \/><\/a>\n\t\t\t<\/div><\/figure><figure class='gallery-item'>\n\t\t\t<div class='gallery-icon portrait'>\n\t\t\t\t<a href='https:\/\/www.jeunesseabruxelles.be\/site\/wp-content\/uploads\/2014\/07\/Affiche-2013.jpg'><img loading=\"lazy\" decoding=\"async\" width=\"474\" height=\"613\" src=\"https:\/\/www.jeunesseabruxelles.be\/site\/wp-content\/uploads\/2014\/07\/Affiche-2013-989x1280.jpg\" class=\"attachment-large size-large\" alt=\"\" srcset=\"https:\/\/www.jeunesseabruxelles.be\/site\/wp-content\/uploads\/2014\/07\/Affiche-2013-989x1280.jpg 989w, https:\/\/www.jeunesseabruxelles.be\/site\/wp-content\/uploads\/2014\/07\/Affiche-2013-116x150.jpg 116w, https:\/\/www.jeunesseabruxelles.be\/site\/wp-content\/uploads\/2014\/07\/Affiche-2013-309x400.jpg 309w, https:\/\/www.jeunesseabruxelles.be\/site\/wp-content\/uploads\/2014\/07\/Affiche-2013-768x994.jpg 768w, https:\/\/www.jeunesseabruxelles.be\/site\/wp-content\/uploads\/2014\/07\/Affiche-2013.jpg 1275w\" sizes=\"auto, (max-width: 474px) 100vw, 474px\" \/><\/a>\n\t\t\t<\/div><\/figure><figure class='gallery-item'>\n\t\t\t<div class='gallery-icon portrait'>\n\t\t\t\t<a href='https:\/\/www.jeunesseabruxelles.be\/site\/wp-content\/uploads\/2014\/07\/affiche-2014.jpg'><img loading=\"lazy\" decoding=\"async\" width=\"474\" height=\"613\" src=\"https:\/\/www.jeunesseabruxelles.be\/site\/wp-content\/uploads\/2014\/07\/affiche-2014-989x1280.jpg\" class=\"attachment-large size-large\" alt=\"\" srcset=\"https:\/\/www.jeunesseabruxelles.be\/site\/wp-content\/uploads\/2014\/07\/affiche-2014-989x1280.jpg 989w, https:\/\/www.jeunesseabruxelles.be\/site\/wp-content\/uploads\/2014\/07\/affiche-2014-116x150.jpg 116w, https:\/\/www.jeunesseabruxelles.be\/site\/wp-content\/uploads\/2014\/07\/affiche-2014-309x400.jpg 309w, https:\/\/www.jeunesseabruxelles.be\/site\/wp-content\/uploads\/2014\/07\/affiche-2014-768x994.jpg 768w, https:\/\/www.jeunesseabruxelles.be\/site\/wp-content\/uploads\/2014\/07\/affiche-2014.jpg 1275w\" sizes=\"auto, (max-width: 474px) 100vw, 474px\" \/><\/a>\n\t\t\t<\/div><\/figure><figure class='gallery-item'>\n\t\t\t<div class='gallery-icon portrait'>\n\t\t\t\t<a href='https:\/\/www.jeunesseabruxelles.be\/site\/wp-content\/uploads\/2014\/07\/Affiche-2015.jpg'><img loading=\"lazy\" decoding=\"async\" width=\"474\" height=\"670\" src=\"https:\/\/www.jeunesseabruxelles.be\/site\/wp-content\/uploads\/2014\/07\/Affiche-2015-905x1280.jpg\" class=\"attachment-large size-large\" alt=\"\" srcset=\"https:\/\/www.jeunesseabruxelles.be\/site\/wp-content\/uploads\/2014\/07\/Affiche-2015-905x1280.jpg 905w, https:\/\/www.jeunesseabruxelles.be\/site\/wp-content\/uploads\/2014\/07\/Affiche-2015-106x150.jpg 106w, https:\/\/www.jeunesseabruxelles.be\/site\/wp-content\/uploads\/2014\/07\/Affiche-2015-283x400.jpg 283w, https:\/\/www.jeunesseabruxelles.be\/site\/wp-content\/uploads\/2014\/07\/Affiche-2015-768x1086.jpg 768w, https:\/\/www.jeunesseabruxelles.be\/site\/wp-content\/uploads\/2014\/07\/Affiche-2015.jpg 1275w\" sizes=\"auto, (max-width: 474px) 100vw, 474px\" \/><\/a>\n\t\t\t<\/div><\/figure><figure class='gallery-item'>\n\t\t\t<div class='gallery-icon portrait'>\n\t\t\t\t<a href='https:\/\/www.jeunesseabruxelles.be\/site\/wp-content\/uploads\/2014\/07\/Affiche-2016.jpg'><img loading=\"lazy\" decoding=\"async\" width=\"474\" height=\"670\" src=\"https:\/\/www.jeunesseabruxelles.be\/site\/wp-content\/uploads\/2014\/07\/Affiche-2016-905x1280.jpg\" class=\"attachment-large size-large\" alt=\"\" srcset=\"https:\/\/www.jeunesseabruxelles.be\/site\/wp-content\/uploads\/2014\/07\/Affiche-2016-905x1280.jpg 905w, https:\/\/www.jeunesseabruxelles.be\/site\/wp-content\/uploads\/2014\/07\/Affiche-2016-106x150.jpg 106w, https:\/\/www.jeunesseabruxelles.be\/site\/wp-content\/uploads\/2014\/07\/Affiche-2016-283x400.jpg 283w, https:\/\/www.jeunesseabruxelles.be\/site\/wp-content\/uploads\/2014\/07\/Affiche-2016-768x1086.jpg 768w, https:\/\/www.jeunesseabruxelles.be\/site\/wp-content\/uploads\/2014\/07\/Affiche-2016.jpg 1275w\" sizes=\"auto, (max-width: 474px) 100vw, 474px\" \/><\/a>\n\t\t\t<\/div><\/figure><figure class='gallery-item'>\n\t\t\t<div class='gallery-icon portrait'>\n\t\t\t\t<a href='https:\/\/www.jeunesseabruxelles.be\/site\/wp-content\/uploads\/2016\/07\/affiche-FJ-bis-test.jpg'><img loading=\"lazy\" decoding=\"async\" width=\"320\" height=\"448\" src=\"https:\/\/www.jeunesseabruxelles.be\/site\/wp-content\/uploads\/2016\/07\/affiche-FJ-bis-test.jpg\" class=\"attachment-large size-large\" alt=\"\" srcset=\"https:\/\/www.jeunesseabruxelles.be\/site\/wp-content\/uploads\/2016\/07\/affiche-FJ-bis-test.jpg 320w, https:\/\/www.jeunesseabruxelles.be\/site\/wp-content\/uploads\/2016\/07\/affiche-FJ-bis-test-107x150.jpg 107w, https:\/\/www.jeunesseabruxelles.be\/site\/wp-content\/uploads\/2016\/07\/affiche-FJ-bis-test-286x400.jpg 286w\" sizes=\"auto, (max-width: 320px) 100vw, 320px\" \/><\/a>\n\t\t\t<\/div><\/figure><figure class='gallery-item'>\n\t\t\t<div class='gallery-icon portrait'>\n\t\t\t\t<a href='https:\/\/www.jeunesseabruxelles.be\/site\/wp-content\/uploads\/2014\/07\/FlyerA5_F\u00eate-de-la-Jeunesse.jpg'><img loading=\"lazy\" decoding=\"async\" width=\"420\" height=\"595\" src=\"https:\/\/www.jeunesseabruxelles.be\/site\/wp-content\/uploads\/2014\/07\/FlyerA5_F\u00eate-de-la-Jeunesse.jpg\" class=\"attachment-large size-large\" alt=\"\" srcset=\"https:\/\/www.jeunesseabruxelles.be\/site\/wp-content\/uploads\/2014\/07\/FlyerA5_F\u00eate-de-la-Jeunesse.jpg 420w, https:\/\/www.jeunesseabruxelles.be\/site\/wp-content\/uploads\/2014\/07\/FlyerA5_F\u00eate-de-la-Jeunesse-106x150.jpg 106w, https:\/\/www.jeunesseabruxelles.be\/site\/wp-content\/uploads\/2014\/07\/FlyerA5_F\u00eate-de-la-Jeunesse-282x400.jpg 282w\" sizes=\"auto, (max-width: 420px) 100vw, 420px\" \/><\/a>\n\t\t\t<\/div><\/figure>\n\t\t<\/div>\n\n<ul>\n<li><u>2010\u00a0<\/u>: En octobre 2010 la f\u00eate de la jeunesse est consacr\u00e9e aux \u00ab\u00a0<em>arts urbains\u00a0\u00bb<\/em>. Les participants ont pu profiter de plusieurs ateliers artistiques et assister \u00e0 un spectacle de clown et un battle de breakdance.<\/li>\n<li><u>2011\u00a0<\/u>: En septembre 2011, la f\u00eate de la jeunesse a pris possession du parc WTC. Plus de 300 personnes ont profit\u00e9 de cette grande f\u00eate r\u00e9unissant un cracheur de feu, des musiciens, des \u00e9chassiers et des sculpteurs de ballons. La sc\u00e8ne a permis \u00e0 de jeunes humoristes d\u2019exprimer leur talent et \u00e0 la fanfare des \u00ab\u00a0Fanfoireux\u00a0\u00bb de cl\u00f4turer cette belle \u00e9dition en musique<\/li>\n<li><u>2012\u00a0<\/u>:<u> <\/u>Dans le m\u00eame esprit festif des <em>\u00ab\u00a0arts de la rue\u00a0\u00bb<\/em> que les deux \u00e9ditions pr\u00e9c\u00e9dentes, la f\u00eate de septembre 2012 compte plusieurs stands d\u2019activit\u00e9s artistiques et sportives (calligraphie, escalade, cirque, grimage, etc). Le groupe\u00a0\u00ab\u00a0Afrokata\u00a0\u00bb a d\u00e9ambul\u00e9 en fin d\u2019apr\u00e8s-midi dans le parc avant de cl\u00f4turer la journ\u00e9e par un concert sur le podium.<\/li>\n<li><u>2013<\/u>\u00a0: En 2013, la f\u00eate de la jeunesse a gravit\u00e9 autour du th\u00e8me des \u00ab\u00a0<em>quatre \u00e9l\u00e9ments<\/em> \u00bb. L\u2019eau, la terre, le feu et l\u2019air ont ainsi rythm\u00e9 cette \u00e9dition \u00e0 travers les activit\u00e9s propos\u00e9es par les diff\u00e9rentes Maisons des enfants, de jeunes et associations pr\u00e9sentes. Malgr\u00e9 la pluie, Dj \u00ab\u00a0piit\u00a0\u00bb a enflamm\u00e9 la sc\u00e8ne avec une musique soul-funk et la fanfare \u00ab\u00a0Jour de f\u00eate\u00a0\u00bb a amplifi\u00e9 le feu en fin de journ\u00e9e.<\/li>\n<li><u>2014 <\/u>:<u> <\/u>C\u2019est au square Palfyn \u00e0 Laeken que la f\u00eate de la Jeunesse de 2014 a emmen\u00e9 les visiteurs dans un formidable \u00ab\u00a0<em>voyage au pays des couleurs\u00a0\u00bb<\/em>. Des activit\u00e9s ludiques, sportives et artistiques et des artistes ambulants ont \u00e9gay\u00e9 cette f\u00eate riche en \u00e9motions. Une camionnette web radio a diffus\u00e9 une \u00e9mission en direct de la f\u00eate de la jeunesse avec des interviews d\u2019enfants et de jeunes.<\/li>\n<li><u>2015 :<\/u> \u00a0En octobre 2015, la f\u00eate de la jeunesse a r\u00e9investi le centre P\u00f4le Nord avec comme fil conducteur le th\u00e8me <em>\u00ab\u00a0nature et sensations\u00a0\u00bb.<\/em> Des animations musicales, un magicien, des parcours sportifs, des ateliers cr\u00e9atifs et ludiques \u00e9taient au menu de cette belle journ\u00e9e. Le groupe \u00ab\u00a0Sysmito\u00a0\u00bb a jou\u00e9 des rythmes endiabl\u00e9s au son des percussions en fin de journ\u00e9e.<\/li>\n<li><u>2016:<\/u> \u00a0Cette \u00e9dition a connu un changement majeur puisqu\u2019elle a eu lieu en juin et non plus en octobre. La f\u00eate de la Jeunesse 2016 a c\u00e9l\u00e9br\u00e9 le retour de l\u2019\u00e9t\u00e9 sur le pi\u00e9tonnier de la Ville de Bruxelles (place de la Bourse), sur le th\u00e8me de la \u00ab\u00a0diversit\u00e9\u00a0\u00bb. Le soleil a inond\u00e9 une multitude d\u2019animations gratuites et l\u2019\u00e9dition s\u2019est achev\u00e9e par une chor\u00e9graphie dans\u00e9e par les enfants des Maisons des Enfants de la Ville de Bruxelles.<\/li>\n<li><u>2017\u00a0:<\/u> Suite \u00e0 la r\u00e9ussite de l\u2019\u00e9dition pr\u00e9c\u00e9dente, la f\u00eate de la Jeunesse 2017 a repris les\u00a0 \u00e9l\u00e9ments qui ont fait le succ\u00e8s de l\u2019\u00e9dition de 2016. En prenant une nouvelle fois possession du pi\u00e9tonnier, les participants ont pu profiter d\u2019une s\u00e9rie d\u2019animations gratuites, des prestations d\u2019une compagnie de th\u00e9\u00e2tre et d\u2019artistes ambulants, le tout ponctu\u00e9 par les rythmes d\u2019une fanfare folklorique. Pour la cl\u00f4ture, les enfants et animateurs des Maisons des Enfants ont \u00e0 nouveau assur\u00e9 le show en dansant des chor\u00e9graphies endiabl\u00e9es.<\/li>\n<li><u>2018\u00a0:<\/u> L&rsquo;\u00e9dition 2018 s&rsquo;est d\u00e9localis\u00e9e dans un quartier de Bruxelles, Place J. Willems. Activit\u00e9s sportives, culturelles, artistiques et cr\u00e9ative ont enchant\u00e9 les petits et les grands.<\/li>\n<li><u>2019<\/u> : L&rsquo;\u00e9dition de 2019 sur la toute nouvelle Place De Brouck\u00e8re a \u00e9t\u00e9 enrichie de concerts \u00e0 l&rsquo;occasion des 40 ans de Jeunesse \u00e0 Bruxelles.\u00a0 De nombreuses activit\u00e9s culturelles, sportives et ludiques ont \u00e9t\u00e9 programm\u00e9es pour se terminer en beaut\u00e9 sur les prestations de Big Ben, de Badi et de TODIEFOR.\u00a0 Une attention particuli\u00e8re a \u00e9t\u00e9 apport\u00e9e aux tout-petits avec un espace r\u00e9cr\u00e9atif et de repos.<\/li>\n<li><u>2020<\/u> : L&rsquo;\u00e9v\u00e9nement a\u00a0 malheureusement \u00e9t\u00e9 report\u00e9 en 2021 en raison des mesures sanitaires li\u00e9es \u00e0 la pand\u00e9mie de la Covid 19.<\/li>\n<li><u>2021<\/u>\u00a0: la 11<sup>\u00e8me<\/sup> \u00e9dition de la F\u00eate de la Jeunesse a eu lieu le 11 septembre sur le site Rempart des Moines. Cette programmation propose davantage d\u2019initiations sportives afin de r\u00e9pondre aux besoins de bouger et de d\u00e9couvrir des enfants.<\/li>\n<li><u>2022\u00a0<\/u>: la 12<sup>\u00e8me<\/sup> \u00e9dition de la F\u00eate de la Jeunesse a eu lieu le 10 septembre \u00e0 Neder-Over-Hembeeck. Le th\u00e8me \u00e9tait les Arts Urbains. Les stands d\u2019animation et les spectacles ont \u00e9t\u00e9 pens\u00e9s pour toucher les enfants et les adolescents. Les participants ont pu profiter d\u2019une s\u00e9rie d\u2019animations et de spectacles gratuitement, ainsi que de deux repr\u00e9sentations du beatboxer Footboxg, devenu champion du monde de beatbox en 2023.<\/li>\n<li><u>2023\u00a0<\/u>: la 13<sup>\u00e8me<\/sup> F\u00eate de la Jeunesse, qui s\u2019est tenue dans le parc Fontainas, a continu\u00e9 de proposer des stands d\u2019activit\u00e9s cr\u00e9atives, ludiques, sportives et culturelles et des spectacles gratuitement aux enfants et aux adolescents. Un spectacle a\u00e9rien et le soleil sont venus marquer particuli\u00e8rement cette journ\u00e9e.<\/li>\n<\/ul>\n<p><a href=\"https:\/\/www.jeunesseabruxelles.be\/site\/wp-content\/uploads\/2024\/05\/Affiche-Fete-de-la-Jeunesse-2021_V2.pdf\">Affiche F\u00eate de la Jeunesse 2021_V2<\/a><\/p>\n<p><u>Remerciements\u00a0<\/u><em>: Nous remercions chaleureusement Mme Coomans et ses collaborateurs du Service des Archives de la Ville de Bruxelles pour leurs recherches et amabilit\u00e9 ainsi que Mme Donner pour son\u00a0 g\u00e9n\u00e9reux partage de la photographie historique datant de 1948.*<\/em><\/p>\n<div id='gallery-2' class='gallery galleryid-124 gallery-columns-3 gallery-size-large'><figure class='gallery-item'>\n\t\t\t<div class='gallery-icon portrait'>\n\t\t\t\t<a href='https:\/\/www.jeunesseabruxelles.be\/site\/wp-content\/uploads\/2016\/11\/FJ2015-A.jpg'><img loading=\"lazy\" decoding=\"async\" width=\"474\" height=\"632\" src=\"https:\/\/www.jeunesseabruxelles.be\/site\/wp-content\/uploads\/2016\/11\/FJ2015-A-960x1280.jpg\" class=\"attachment-large size-large\" alt=\"\" srcset=\"https:\/\/www.jeunesseabruxelles.be\/site\/wp-content\/uploads\/2016\/11\/FJ2015-A-960x1280.jpg 960w, https:\/\/www.jeunesseabruxelles.be\/site\/wp-content\/uploads\/2016\/11\/FJ2015-A-113x150.jpg 113w, https:\/\/www.jeunesseabruxelles.be\/site\/wp-content\/uploads\/2016\/11\/FJ2015-A-300x400.jpg 300w, https:\/\/www.jeunesseabruxelles.be\/site\/wp-content\/uploads\/2016\/11\/FJ2015-A-768x1024.jpg 768w\" sizes=\"auto, (max-width: 474px) 100vw, 474px\" \/><\/a>\n\t\t\t<\/div><\/figure><figure class='gallery-item'>\n\t\t\t<div class='gallery-icon landscape'>\n\t\t\t\t<a href='https:\/\/www.jeunesseabruxelles.be\/site\/wp-content\/uploads\/2016\/11\/FJ2015.jpg'><img loading=\"lazy\" decoding=\"async\" width=\"474\" height=\"267\" src=\"https:\/\/www.jeunesseabruxelles.be\/site\/wp-content\/uploads\/2016\/11\/FJ2015-1280x720.jpg\" class=\"attachment-large size-large\" alt=\"\" srcset=\"https:\/\/www.jeunesseabruxelles.be\/site\/wp-content\/uploads\/2016\/11\/FJ2015-1280x720.jpg 1280w, https:\/\/www.jeunesseabruxelles.be\/site\/wp-content\/uploads\/2016\/11\/FJ2015-150x84.jpg 150w, https:\/\/www.jeunesseabruxelles.be\/site\/wp-content\/uploads\/2016\/11\/FJ2015-400x225.jpg 400w, https:\/\/www.jeunesseabruxelles.be\/site\/wp-content\/uploads\/2016\/11\/FJ2015-768x432.jpg 768w, https:\/\/www.jeunesseabruxelles.be\/site\/wp-content\/uploads\/2016\/11\/FJ2015.jpg 1920w\" sizes=\"auto, (max-width: 474px) 100vw, 474px\" \/><\/a>\n\t\t\t<\/div><\/figure><figure class='gallery-item'>\n\t\t\t<div class='gallery-icon landscape'>\n\t\t\t\t<a href='https:\/\/www.jeunesseabruxelles.be\/site\/wp-content\/uploads\/2016\/11\/FJ2015-B.jpg'><img loading=\"lazy\" decoding=\"async\" width=\"474\" height=\"356\" src=\"https:\/\/www.jeunesseabruxelles.be\/site\/wp-content\/uploads\/2016\/11\/FJ2015-B-1280x960.jpg\" class=\"attachment-large size-large\" alt=\"\" srcset=\"https:\/\/www.jeunesseabruxelles.be\/site\/wp-content\/uploads\/2016\/11\/FJ2015-B-1280x960.jpg 1280w, https:\/\/www.jeunesseabruxelles.be\/site\/wp-content\/uploads\/2016\/11\/FJ2015-B-150x113.jpg 150w, https:\/\/www.jeunesseabruxelles.be\/site\/wp-content\/uploads\/2016\/11\/FJ2015-B-400x300.jpg 400w, https:\/\/www.jeunesseabruxelles.be\/site\/wp-content\/uploads\/2016\/11\/FJ2015-B-768x576.jpg 768w\" sizes=\"auto, (max-width: 474px) 100vw, 474px\" \/><\/a>\n\t\t\t<\/div><\/figure><figure class='gallery-item'>\n\t\t\t<div class='gallery-icon landscape'>\n\t\t\t\t<a href='https:\/\/www.jeunesseabruxelles.be\/site\/wp-content\/uploads\/2016\/11\/FJ2014.jpg'><img loading=\"lazy\" decoding=\"async\" width=\"474\" height=\"356\" src=\"https:\/\/www.jeunesseabruxelles.be\/site\/wp-content\/uploads\/2016\/11\/FJ2014-1280x960.jpg\" class=\"attachment-large size-large\" alt=\"\" srcset=\"https:\/\/www.jeunesseabruxelles.be\/site\/wp-content\/uploads\/2016\/11\/FJ2014-1280x960.jpg 1280w, https:\/\/www.jeunesseabruxelles.be\/site\/wp-content\/uploads\/2016\/11\/FJ2014-150x113.jpg 150w, https:\/\/www.jeunesseabruxelles.be\/site\/wp-content\/uploads\/2016\/11\/FJ2014-400x300.jpg 400w, https:\/\/www.jeunesseabruxelles.be\/site\/wp-content\/uploads\/2016\/11\/FJ2014-768x576.jpg 768w\" sizes=\"auto, (max-width: 474px) 100vw, 474px\" \/><\/a>\n\t\t\t<\/div><\/figure><figure class='gallery-item'>\n\t\t\t<div class='gallery-icon portrait'>\n\t\t\t\t<a href='https:\/\/www.jeunesseabruxelles.be\/site\/wp-content\/uploads\/2016\/11\/FJ2013.jpg'><img loading=\"lazy\" decoding=\"async\" width=\"474\" height=\"632\" src=\"https:\/\/www.jeunesseabruxelles.be\/site\/wp-content\/uploads\/2016\/11\/FJ2013-960x1280.jpg\" class=\"attachment-large size-large\" alt=\"\" srcset=\"https:\/\/www.jeunesseabruxelles.be\/site\/wp-content\/uploads\/2016\/11\/FJ2013-960x1280.jpg 960w, https:\/\/www.jeunesseabruxelles.be\/site\/wp-content\/uploads\/2016\/11\/FJ2013-113x150.jpg 113w, https:\/\/www.jeunesseabruxelles.be\/site\/wp-content\/uploads\/2016\/11\/FJ2013-300x400.jpg 300w, https:\/\/www.jeunesseabruxelles.be\/site\/wp-content\/uploads\/2016\/11\/FJ2013-768x1024.jpg 768w\" sizes=\"auto, (max-width: 474px) 100vw, 474px\" \/><\/a>\n\t\t\t<\/div><\/figure><figure class='gallery-item'>\n\t\t\t<div class='gallery-icon landscape'>\n\t\t\t\t<a href='https:\/\/www.jeunesseabruxelles.be\/site\/wp-content\/uploads\/2016\/11\/FJ2012-A.jpg'><img loading=\"lazy\" decoding=\"async\" width=\"474\" height=\"356\" src=\"https:\/\/www.jeunesseabruxelles.be\/site\/wp-content\/uploads\/2016\/11\/FJ2012-A-1280x960.jpg\" class=\"attachment-large size-large\" alt=\"\" srcset=\"https:\/\/www.jeunesseabruxelles.be\/site\/wp-content\/uploads\/2016\/11\/FJ2012-A-1280x960.jpg 1280w, https:\/\/www.jeunesseabruxelles.be\/site\/wp-content\/uploads\/2016\/11\/FJ2012-A-150x113.jpg 150w, https:\/\/www.jeunesseabruxelles.be\/site\/wp-content\/uploads\/2016\/11\/FJ2012-A-400x300.jpg 400w, https:\/\/www.jeunesseabruxelles.be\/site\/wp-content\/uploads\/2016\/11\/FJ2012-A-768x576.jpg 768w\" sizes=\"auto, (max-width: 474px) 100vw, 474px\" \/><\/a>\n\t\t\t<\/div><\/figure><figure class='gallery-item'>\n\t\t\t<div class='gallery-icon portrait'>\n\t\t\t\t<a href='https:\/\/www.jeunesseabruxelles.be\/site\/wp-content\/uploads\/2016\/11\/FJ2012.jpg'><img loading=\"lazy\" decoding=\"async\" width=\"474\" height=\"632\" src=\"https:\/\/www.jeunesseabruxelles.be\/site\/wp-content\/uploads\/2016\/11\/FJ2012-960x1280.jpg\" class=\"attachment-large size-large\" alt=\"\" srcset=\"https:\/\/www.jeunesseabruxelles.be\/site\/wp-content\/uploads\/2016\/11\/FJ2012-960x1280.jpg 960w, https:\/\/www.jeunesseabruxelles.be\/site\/wp-content\/uploads\/2016\/11\/FJ2012-113x150.jpg 113w, https:\/\/www.jeunesseabruxelles.be\/site\/wp-content\/uploads\/2016\/11\/FJ2012-300x400.jpg 300w, https:\/\/www.jeunesseabruxelles.be\/site\/wp-content\/uploads\/2016\/11\/FJ2012-768x1024.jpg 768w\" sizes=\"auto, (max-width: 474px) 100vw, 474px\" \/><\/a>\n\t\t\t<\/div><\/figure><figure class='gallery-item'>\n\t\t\t<div class='gallery-icon landscape'>\n\t\t\t\t<a href='https:\/\/www.jeunesseabruxelles.be\/site\/wp-content\/uploads\/2016\/11\/FJ2012-B.jpg'><img loading=\"lazy\" decoding=\"async\" width=\"474\" height=\"356\" src=\"https:\/\/www.jeunesseabruxelles.be\/site\/wp-content\/uploads\/2016\/11\/FJ2012-B-1280x960.jpg\" class=\"attachment-large size-large\" alt=\"\" srcset=\"https:\/\/www.jeunesseabruxelles.be\/site\/wp-content\/uploads\/2016\/11\/FJ2012-B-1280x960.jpg 1280w, https:\/\/www.jeunesseabruxelles.be\/site\/wp-content\/uploads\/2016\/11\/FJ2012-B-150x113.jpg 150w, https:\/\/www.jeunesseabruxelles.be\/site\/wp-content\/uploads\/2016\/11\/FJ2012-B-400x300.jpg 400w, https:\/\/www.jeunesseabruxelles.be\/site\/wp-content\/uploads\/2016\/11\/FJ2012-B-768x576.jpg 768w\" sizes=\"auto, (max-width: 474px) 100vw, 474px\" \/><\/a>\n\t\t\t<\/div><\/figure><figure class='gallery-item'>\n\t\t\t<div class='gallery-icon landscape'>\n\t\t\t\t<a href='https:\/\/www.jeunesseabruxelles.be\/site\/wp-content\/uploads\/2016\/11\/FJ-2011-B.jpg'><img loading=\"lazy\" decoding=\"async\" width=\"474\" height=\"315\" src=\"https:\/\/www.jeunesseabruxelles.be\/site\/wp-content\/uploads\/2016\/11\/FJ-2011-B-1280x851.jpg\" class=\"attachment-large size-large\" alt=\"\" srcset=\"https:\/\/www.jeunesseabruxelles.be\/site\/wp-content\/uploads\/2016\/11\/FJ-2011-B-1280x851.jpg 1280w, https:\/\/www.jeunesseabruxelles.be\/site\/wp-content\/uploads\/2016\/11\/FJ-2011-B-150x100.jpg 150w, https:\/\/www.jeunesseabruxelles.be\/site\/wp-content\/uploads\/2016\/11\/FJ-2011-B-400x266.jpg 400w, https:\/\/www.jeunesseabruxelles.be\/site\/wp-content\/uploads\/2016\/11\/FJ-2011-B-768x511.jpg 768w, https:\/\/www.jeunesseabruxelles.be\/site\/wp-content\/uploads\/2016\/11\/FJ-2011-B-300x200.jpg 300w\" sizes=\"auto, (max-width: 474px) 100vw, 474px\" \/><\/a>\n\t\t\t<\/div><\/figure><figure class='gallery-item'>\n\t\t\t<div class='gallery-icon landscape'>\n\t\t\t\t<a href='https:\/\/www.jeunesseabruxelles.be\/site\/wp-content\/uploads\/2016\/11\/FJ-2011-A.jpg'><img loading=\"lazy\" decoding=\"async\" width=\"474\" height=\"315\" src=\"https:\/\/www.jeunesseabruxelles.be\/site\/wp-content\/uploads\/2016\/11\/FJ-2011-A-1280x851.jpg\" class=\"attachment-large size-large\" alt=\"\" srcset=\"https:\/\/www.jeunesseabruxelles.be\/site\/wp-content\/uploads\/2016\/11\/FJ-2011-A-1280x851.jpg 1280w, https:\/\/www.jeunesseabruxelles.be\/site\/wp-content\/uploads\/2016\/11\/FJ-2011-A-150x100.jpg 150w, https:\/\/www.jeunesseabruxelles.be\/site\/wp-content\/uploads\/2016\/11\/FJ-2011-A-400x266.jpg 400w, https:\/\/www.jeunesseabruxelles.be\/site\/wp-content\/uploads\/2016\/11\/FJ-2011-A-768x511.jpg 768w, https:\/\/www.jeunesseabruxelles.be\/site\/wp-content\/uploads\/2016\/11\/FJ-2011-A-300x200.jpg 300w\" sizes=\"auto, (max-width: 474px) 100vw, 474px\" \/><\/a>\n\t\t\t<\/div><\/figure><figure class='gallery-item'>\n\t\t\t<div class='gallery-icon landscape'>\n\t\t\t\t<a href='https:\/\/www.jeunesseabruxelles.be\/site\/wp-content\/uploads\/2016\/11\/FJ-2011.jpg'><img loading=\"lazy\" decoding=\"async\" width=\"474\" height=\"315\" src=\"https:\/\/www.jeunesseabruxelles.be\/site\/wp-content\/uploads\/2016\/11\/FJ-2011-1280x851.jpg\" class=\"attachment-large size-large\" alt=\"\" srcset=\"https:\/\/www.jeunesseabruxelles.be\/site\/wp-content\/uploads\/2016\/11\/FJ-2011-1280x851.jpg 1280w, https:\/\/www.jeunesseabruxelles.be\/site\/wp-content\/uploads\/2016\/11\/FJ-2011-150x100.jpg 150w, https:\/\/www.jeunesseabruxelles.be\/site\/wp-content\/uploads\/2016\/11\/FJ-2011-400x266.jpg 400w, https:\/\/www.jeunesseabruxelles.be\/site\/wp-content\/uploads\/2016\/11\/FJ-2011-768x511.jpg 768w, https:\/\/www.jeunesseabruxelles.be\/site\/wp-content\/uploads\/2016\/11\/FJ-2011-300x200.jpg 300w\" sizes=\"auto, (max-width: 474px) 100vw, 474px\" \/><\/a>\n\t\t\t<\/div><\/figure>\n\t\t<\/div>\n\n<p><u>Note\u00a0<\/u>: si vous avez des informations\/documents compl\u00e9mentaires n\u2019h\u00e9sitez pas \u00e0 nous contacter.<\/p>\n<p><a href=\"https:\/\/www.jeunesseabruxelles.be\/site\/wp-admin\/post.php?post=124&amp;action=edit#_ftnref1\" name=\"_ftn1\"><u><\/u><\/a><\/p>\n","protected":false},"excerpt":{"rendered":"<p>Historique L\u2019origine de la f\u00eate de la jeunesse remonte au 07 juillet 1935. Cette premi\u00e8re \u00e9dition na\u00eet dans le contexte de l\u2019exposition universelle de Bruxelles. L\u2019apr\u00e8s-midi festif, organis\u00e9 alors par l\u2019instruction publique, s\u2019intitule \u00ab\u00a0f\u00eate de la gymnastique\u00a0\u00bb ou \u00ab\u00a0Grande f\u00eate scolaire d\u2019\u00e9ducation physique des \u00e9coles de la Ville de Bruxelles\u00a0\u00bb (ce n\u2019est qu\u2019\u00e0 partir de &hellip; <a href=\"https:\/\/www.jeunesseabruxelles.be\/site\/evenements-jabr\/fete-de-la-jeunesse\/\" class=\"more-link\">Continuer la lecture de <span class=\"screen-reader-text\">F\u00eate de la jeunesse<\/span> <span class=\"meta-nav\">&rarr;<\/span><\/a><\/p>\n","protected":false},"author":5,"featured_media":729,"parent":117,"menu_order":0,"comment_status":"closed","ping_status":"open","template":"page-templates\/full-width.php","meta":{"footnotes":""},"class_list":["post-124","page","type-page","status-publish","has-post-thumbnail","hentry"],"_links":{"self":[{"href":"https:\/\/www.jeunesseabruxelles.be\/site\/wp-json\/wp\/v2\/pages\/124","targetHints":{"allow":["GET"]}}],"collection":[{"href":"https:\/\/www.jeunesseabruxelles.be\/site\/wp-json\/wp\/v2\/pages"}],"about":[{"href":"https:\/\/www.jeunesseabruxelles.be\/site\/wp-json\/wp\/v2\/types\/page"}],"author":[{"embeddable":true,"href":"https:\/\/www.jeunesseabruxelles.be\/site\/wp-json\/wp\/v2\/users\/5"}],"replies":[{"embeddable":true,"href":"https:\/\/www.jeunesseabruxelles.be\/site\/wp-json\/wp\/v2\/comments?post=124"}],"version-history":[{"count":18,"href":"https:\/\/www.jeunesseabruxelles.be\/site\/wp-json\/wp\/v2\/pages\/124\/revisions"}],"predecessor-version":[{"id":5047,"href":"https:\/\/www.jeunesseabruxelles.be\/site\/wp-json\/wp\/v2\/pages\/124\/revisions\/5047"}],"up":[{"embeddable":true,"href":"https:\/\/www.jeunesseabruxelles.be\/site\/wp-json\/wp\/v2\/pages\/117"}],"wp:featuredmedia":[{"embeddable":true,"href":"https:\/\/www.jeunesseabruxelles.be\/site\/wp-json\/wp\/v2\/media\/729"}],"wp:attachment":[{"href":"https:\/\/www.jeunesseabruxelles.be\/site\/wp-json\/wp\/v2\/media?parent=124"}],"curies":[{"name":"wp","href":"https:\/\/api.w.org\/{rel}","templated":true}]}}