{"id":117,"date":"2014-07-08T14:14:11","date_gmt":"2014-07-08T14:14:11","guid":{"rendered":"http:\/\/jpbuse.be\/?page_id=117"},"modified":"2016-06-13T12:50:21","modified_gmt":"2016-06-13T12:50:21","slug":"evenements-jabr","status":"publish","type":"page","link":"https:\/\/www.jeunesseabruxelles.be\/site\/evenements-jabr\/","title":{"rendered":"\u00e9v\u00e9nements"},"content":{"rendered":"<p>L\u2019article 3 des statuts de <em>Jeunesse \u00e0 Bruxelles asbl<\/em> pr\u00e9voit que l\u2019association a \u00e9galement pour but d\u2019organiser des \u00e9v\u00e9nements sportifs, culturels, festifs et mettre en place des projets \u00e9ducatifs destin\u00e9s aux enfants et aux jeunes de la Ville de Bruxelles.<\/p>\n<p>C\u2019est ainsi que depuis plus de dix ans, Jeunesse \u00e0 Bruxelles organise deux fois par an une f\u00eate du Solstice destin\u00e9e aux familles et qu\u2019elle coordonne, en collaboration avec le Service Jeunesse, \u00a0la f\u00eate de la Jeunesse de la Ville de Bruxelles.<\/p>\n<p>Trois \u00e9v\u00e9nements qui rencontrent du succ\u00e8s aupr\u00e8s des jeunes mais aussi des moins jeunes.<\/p>\n","protected":false},"excerpt":{"rendered":"<p>L\u2019article 3 des statuts de Jeunesse \u00e0 Bruxelles asbl pr\u00e9voit que l\u2019association a \u00e9galement pour but d\u2019organiser des \u00e9v\u00e9nements sportifs, culturels, festifs et mettre en place des projets \u00e9ducatifs destin\u00e9s aux enfants et aux jeunes de la Ville de Bruxelles. C\u2019est ainsi que depuis plus de dix ans, Jeunesse \u00e0 Bruxelles organise deux fois par &hellip; <a href=\"https:\/\/www.jeunesseabruxelles.be\/site\/evenements-jabr\/\" class=\"more-link\">Continuer la lecture de <span class=\"screen-reader-text\">\u00e9v\u00e9nements<\/span> <span class=\"meta-nav\">&rarr;<\/span><\/a><\/p>\n","protected":false},"author":5,"featured_media":729,"parent":0,"menu_order":0,"comment_status":"closed","ping_status":"closed","template":"page-templates\/full-width.php","meta":{"footnotes":""},"class_list":["post-117","page","type-page","status-publish","has-post-thumbnail","hentry"],"_links":{"self":[{"href":"https:\/\/www.jeunesseabruxelles.be\/site\/wp-json\/wp\/v2\/pages\/117","targetHints":{"allow":["GET"]}}],"collection":[{"href":"https:\/\/www.jeunesseabruxelles.be\/site\/wp-json\/wp\/v2\/pages"}],"about":[{"href":"https:\/\/www.jeunesseabruxelles.be\/site\/wp-json\/wp\/v2\/types\/page"}],"author":[{"embeddable":true,"href":"https:\/\/www.jeunesseabruxelles.be\/site\/wp-json\/wp\/v2\/users\/5"}],"replies":[{"embeddable":true,"href":"https:\/\/www.jeunesseabruxelles.be\/site\/wp-json\/wp\/v2\/comments?post=117"}],"version-history":[{"count":4,"href":"https:\/\/www.jeunesseabruxelles.be\/site\/wp-json\/wp\/v2\/pages\/117\/revisions"}],"predecessor-version":[{"id":854,"href":"https:\/\/www.jeunesseabruxelles.be\/site\/wp-json\/wp\/v2\/pages\/117\/revisions\/854"}],"wp:featuredmedia":[{"embeddable":true,"href":"https:\/\/www.jeunesseabruxelles.be\/site\/wp-json\/wp\/v2\/media\/729"}],"wp:attachment":[{"href":"https:\/\/www.jeunesseabruxelles.be\/site\/wp-json\/wp\/v2\/media?parent=117"}],"curies":[{"name":"wp","href":"https:\/\/api.w.org\/{rel}","templated":true}]}}